{"id":1394,"date":"2023-12-04T18:46:58","date_gmt":"2023-12-04T17:46:58","guid":{"rendered":"https:\/\/www.pedroarnay.com\/?post_type=galeria&#038;p=1394"},"modified":"2024-01-17T17:39:51","modified_gmt":"2024-01-17T16:39:51","slug":"federico-vladimir-pablo-lilienfeld-introducing-the-star-2","status":"publish","type":"galeria","link":"https:\/\/www.pedroarnay.com\/en\/galeria\/danza\/federico-vladimir-pablo-lilienfeld-introducing-the-star\/","title":{"rendered":"Federico Vladimir &amp; Pablo Lilienfeld: Introducing the star"},"content":{"rendered":"<div data-elementor-type=\"wp-post\" data-elementor-id=\"1394\" class=\"elementor elementor-1394\" data-elementor-post-type=\"galeria\">\n\t\t\t\t\t\t<section class=\"elementor-section elementor-top-section elementor-element elementor-element-8a9f9ea elementor-section-full_width elementor-section-height-default elementor-section-height-default\" data-id=\"8a9f9ea\" data-element_type=\"section\" data-e-type=\"section\">\n\t\t\t\t\t\t<div class=\"elementor-container elementor-column-gap-default\">\n\t\t\t\t\t<div class=\"elementor-column elementor-col-100 elementor-top-column elementor-element elementor-element-1cae467\" data-id=\"1cae467\" data-element_type=\"column\" data-e-type=\"column\">\n\t\t\t<div class=\"elementor-widget-wrap elementor-element-populated\">\n\t\t\t\t\t\t<div class=\"elementor-element elementor-element-32a1222 elementor-widget elementor-widget-gallery\" data-id=\"32a1222\" data-element_type=\"widget\" data-e-type=\"widget\" data-settings=\"{&quot;gallery_layout&quot;:&quot;justified&quot;,&quot;ideal_row_height&quot;:{&quot;unit&quot;:&quot;px&quot;,&quot;size&quot;:500,&quot;sizes&quot;:[]},&quot;gap&quot;:{&quot;unit&quot;:&quot;px&quot;,&quot;size&quot;:50,&quot;sizes&quot;:[]},&quot;lazyload&quot;:&quot;yes&quot;,&quot;ideal_row_height_tablet&quot;:{&quot;unit&quot;:&quot;px&quot;,&quot;size&quot;:150,&quot;sizes&quot;:[]},&quot;ideal_row_height_mobile&quot;:{&quot;unit&quot;:&quot;px&quot;,&quot;size&quot;:150,&quot;sizes&quot;:[]},&quot;gap_tablet&quot;:{&quot;unit&quot;:&quot;px&quot;,&quot;size&quot;:10,&quot;sizes&quot;:[]},&quot;gap_mobile&quot;:{&quot;unit&quot;:&quot;px&quot;,&quot;size&quot;:10,&quot;sizes&quot;:[]},&quot;link_to&quot;:&quot;file&quot;,&quot;overlay_background&quot;:&quot;yes&quot;,&quot;content_hover_animation&quot;:&quot;fade-in&quot;}\" data-widget_type=\"gallery.default\">\n\t\t\t\t<div class=\"elementor-widget-container\">\n\t\t\t\t\t\t\t<div class=\"elementor-gallery__container\">\n\t\t\t\t\t\t\t<a class=\"e-gallery-item elementor-gallery-item elementor-animated-content\" href=\"https:\/\/www.pedroarnay.com\/wp-content\/uploads\/2023\/12\/1.-DSC4565-PM.jpg\" data-elementor-open-lightbox=\"yes\" data-elementor-lightbox-slideshow=\"32a1222\" data-elementor-lightbox-title=\"INTRODUCCING THE STAR\" data-e-action-hash=\"#elementor-action%3Aaction%3Dlightbox%26settings%3DeyJpZCI6MTQwMSwidXJsIjoiaHR0cHM6XC9cL3d3dy5wZWRyb2FybmF5LmNvbVwvd3AtY29udGVudFwvdXBsb2Fkc1wvMjAyM1wvMTJcLzEuLURTQzQ1NjUtUE0uanBnIiwic2xpZGVzaG93IjoiMzJhMTIyMiJ9\">\n\t\t\t\t\t<div class=\"e-gallery-image elementor-gallery-item__image\" data-thumbnail=\"https:\/\/www.pedroarnay.com\/wp-content\/uploads\/2023\/12\/1.-DSC4565-PM-1024x684.jpg\" data-width=\"1024\" data-height=\"684\" aria-label=\"1.DSC4565PM\" role=\"img\" ><\/div>\n\t\t\t\t\t\t\t\t\t\t\t<div class=\"elementor-gallery-item__overlay\"><\/div>\n\t\t\t\t\t\t\t\t\t\t\t\t\t\t<\/a>\n\t\t\t\t\t\t\t<a class=\"e-gallery-item elementor-gallery-item elementor-animated-content\" href=\"https:\/\/www.pedroarnay.com\/wp-content\/uploads\/2023\/12\/2.-INTRODUCING-THE-STAR-ensayo-312b-PM.jpg\" data-elementor-open-lightbox=\"yes\" data-elementor-lightbox-slideshow=\"32a1222\" data-elementor-lightbox-title=\"INTRODUCING THE STAR\" data-e-action-hash=\"#elementor-action%3Aaction%3Dlightbox%26settings%3DeyJpZCI6MTQwMCwidXJsIjoiaHR0cHM6XC9cL3d3dy5wZWRyb2FybmF5LmNvbVwvd3AtY29udGVudFwvdXBsb2Fkc1wvMjAyM1wvMTJcLzIuLUlOVFJPRFVDSU5HLVRIRS1TVEFSLWVuc2F5by0zMTJiLVBNLmpwZyIsInNsaWRlc2hvdyI6IjMyYTEyMjIifQ%3D%3D\">\n\t\t\t\t\t<div class=\"e-gallery-image elementor-gallery-item__image\" data-thumbnail=\"https:\/\/www.pedroarnay.com\/wp-content\/uploads\/2023\/12\/2.-INTRODUCING-THE-STAR-ensayo-312b-PM-1024x684.jpg\" data-width=\"1024\" data-height=\"684\" aria-label=\"2. INTRODUCING THE STAR essay 312b PM\" role=\"img\" ><\/div>\n\t\t\t\t\t\t\t\t\t\t\t<div class=\"elementor-gallery-item__overlay\"><\/div>\n\t\t\t\t\t\t\t\t\t\t\t\t\t\t<\/a>\n\t\t\t\t\t\t\t<a class=\"e-gallery-item elementor-gallery-item elementor-animated-content\" href=\"https:\/\/www.pedroarnay.com\/wp-content\/uploads\/2023\/12\/5.-DSC4271-PM.jpg\" data-elementor-open-lightbox=\"yes\" data-elementor-lightbox-slideshow=\"32a1222\" data-elementor-lightbox-title=\"INTRODUCCING THE STAR\" data-e-action-hash=\"#elementor-action%3Aaction%3Dlightbox%26settings%3DeyJpZCI6MTM5NywidXJsIjoiaHR0cHM6XC9cL3d3dy5wZWRyb2FybmF5LmNvbVwvd3AtY29udGVudFwvdXBsb2Fkc1wvMjAyM1wvMTJcLzUuLURTQzQyNzEtUE0uanBnIiwic2xpZGVzaG93IjoiMzJhMTIyMiJ9\">\n\t\t\t\t\t<div class=\"e-gallery-image elementor-gallery-item__image\" data-thumbnail=\"https:\/\/www.pedroarnay.com\/wp-content\/uploads\/2023\/12\/5.-DSC4271-PM-684x1024.jpg\" data-width=\"684\" data-height=\"1024\" aria-label=\"5.DSC4271 PM\" role=\"img\" ><\/div>\n\t\t\t\t\t\t\t\t\t\t\t<div class=\"elementor-gallery-item__overlay\"><\/div>\n\t\t\t\t\t\t\t\t\t\t\t\t\t\t<\/a>\n\t\t\t\t\t\t\t<a class=\"e-gallery-item elementor-gallery-item elementor-animated-content\" href=\"https:\/\/www.pedroarnay.com\/wp-content\/uploads\/2023\/12\/4.-INTRODUCING-THE-STAR-ensayo-083-PM.jpg\" data-elementor-open-lightbox=\"yes\" data-elementor-lightbox-slideshow=\"32a1222\" data-elementor-lightbox-title=\"INTRODUCCING THE STAR\" data-e-action-hash=\"#elementor-action%3Aaction%3Dlightbox%26settings%3DeyJpZCI6MTM5OCwidXJsIjoiaHR0cHM6XC9cL3d3dy5wZWRyb2FybmF5LmNvbVwvd3AtY29udGVudFwvdXBsb2Fkc1wvMjAyM1wvMTJcLzQuLUlOVFJPRFVDSU5HLVRIRS1TVEFSLWVuc2F5by0wODMtUE0uanBnIiwic2xpZGVzaG93IjoiMzJhMTIyMiJ9\">\n\t\t\t\t\t<div class=\"e-gallery-image elementor-gallery-item__image\" data-thumbnail=\"https:\/\/www.pedroarnay.com\/wp-content\/uploads\/2023\/12\/4.-INTRODUCING-THE-STAR-ensayo-083-PM-1024x684.jpg\" data-width=\"1024\" data-height=\"684\" aria-label=\"4. INTRODUCING THE STAR essay 083 PM\" role=\"img\" ><\/div>\n\t\t\t\t\t\t\t\t\t\t\t<div class=\"elementor-gallery-item__overlay\"><\/div>\n\t\t\t\t\t\t\t\t\t\t\t\t\t\t<\/a>\n\t\t\t\t\t\t\t<a class=\"e-gallery-item elementor-gallery-item elementor-animated-content\" href=\"https:\/\/www.pedroarnay.com\/wp-content\/uploads\/2023\/12\/3.-DSC4451-PM.jpg\" data-elementor-open-lightbox=\"yes\" data-elementor-lightbox-slideshow=\"32a1222\" data-elementor-lightbox-title=\"INTRODUCCING THE STAR\" data-e-action-hash=\"#elementor-action%3Aaction%3Dlightbox%26settings%3DeyJpZCI6MTM5OSwidXJsIjoiaHR0cHM6XC9cL3d3dy5wZWRyb2FybmF5LmNvbVwvd3AtY29udGVudFwvdXBsb2Fkc1wvMjAyM1wvMTJcLzMuLURTQzQ0NTEtUE0uanBnIiwic2xpZGVzaG93IjoiMzJhMTIyMiJ9\">\n\t\t\t\t\t<div class=\"e-gallery-image elementor-gallery-item__image\" data-thumbnail=\"https:\/\/www.pedroarnay.com\/wp-content\/uploads\/2023\/12\/3.-DSC4451-PM-684x1024.jpg\" data-width=\"684\" data-height=\"1024\" aria-label=\"3.DSC4451PM\" role=\"img\" ><\/div>\n\t\t\t\t\t\t\t\t\t\t\t<div class=\"elementor-gallery-item__overlay\"><\/div>\n\t\t\t\t\t\t\t\t\t\t\t\t\t\t<\/a>\n\t\t\t\t\t<\/div>\n\t\t\t\t\t<\/div>\n\t\t\t\t<\/div>\n\t\t\t\t\t<\/div>\n\t\t<\/div>\n\t\t\t\t\t<\/div>\n\t\t<\/section>\n\t\t\t\t<\/div>","protected":false},"featured_media":0,"parent":697,"template":"elementor_theme","meta":{"_acf_changed":false,"site-sidebar-layout":"default","site-content-layout":"page-builder","ast-site-content-layout":"default","site-content-style":"default","site-sidebar-style":"default","ast-global-header-display":"","ast-banner-title-visibility":"","ast-main-header-display":"","ast-hfb-above-header-display":"","ast-hfb-below-header-display":"","ast-hfb-mobile-header-display":"","site-post-title":"disabled","ast-breadcrumbs-content":"","ast-featured-img":"disabled","footer-sml-layout":"","ast-disable-related-posts":"","theme-transparent-header-meta":"default","adv-header-id-meta":"","stick-header-meta":"default","header-above-stick-meta":"","header-main-stick-meta":"","header-below-stick-meta":"","astra-migrate-meta-layouts":"set","ast-page-background-enabled":"default","ast-page-background-meta":{"desktop":{"background-color":"var(--ast-global-color-4)","background-image":"","background-repeat":"repeat","background-position":"center center","background-size":"auto","background-attachment":"scroll","background-type":"","background-media":"","overlay-type":"","overlay-color":"","overlay-opacity":"","overlay-gradient":""},"tablet":{"background-color":"","background-image":"","background-repeat":"repeat","background-position":"center center","background-size":"auto","background-attachment":"scroll","background-type":"","background-media":"","overlay-type":"","overlay-color":"","overlay-opacity":"","overlay-gradient":""},"mobile":{"background-color":"","background-image":"","background-repeat":"repeat","background-position":"center center","background-size":"auto","background-attachment":"scroll","background-type":"","background-media":"","overlay-type":"","overlay-color":"","overlay-opacity":"","overlay-gradient":""}},"ast-content-background-meta":{"desktop":{"background-color":"var(--ast-global-color-5)","background-image":"","background-repeat":"repeat","background-position":"center center","background-size":"auto","background-attachment":"scroll","background-type":"","background-media":"","overlay-type":"","overlay-color":"","overlay-opacity":"","overlay-gradient":""},"tablet":{"background-color":"var(--ast-global-color-5)","background-image":"","background-repeat":"repeat","background-position":"center center","background-size":"auto","background-attachment":"scroll","background-type":"","background-media":"","overlay-type":"","overlay-color":"","overlay-opacity":"","overlay-gradient":""},"mobile":{"background-color":"var(--ast-global-color-5)","background-image":"","background-repeat":"repeat","background-position":"center center","background-size":"auto","background-attachment":"scroll","background-type":"","background-media":"","overlay-type":"","overlay-color":"","overlay-opacity":"","overlay-gradient":""}}},"class_list":["post-1394","galeria","type-galeria","status-publish","hentry"],"acf":[],"yoast_head":"<!-- This site is optimized with the Yoast SEO plugin v27.4 - https:\/\/yoast.com\/product\/yoast-seo-wordpress\/ -->\n<title>Federico Vladimir &amp; Pablo Lilienfeld: Introducing the star - Pedro Arnay<\/title>\n<meta name=\"description\" content=\"Galer\u00eda: Federico Vladimir &amp; Pablo Lilienfeld: Introducing the star . Fotograf\u00eda por Pedro Arnay.\" \/>\n<meta name=\"robots\" content=\"index, follow, max-snippet:-1, max-image-preview:large, max-video-preview:-1\" \/>\n<link rel=\"canonical\" href=\"https:\/\/www.pedroarnay.com\/en\/gallery\/dance-2\/federico-vladimir-pablo-lilienfeld-introducing-the-star-2\/\" \/>\n<meta property=\"og:locale\" content=\"en_US\" \/>\n<meta property=\"og:type\" content=\"article\" \/>\n<meta property=\"og:title\" content=\"Federico Vladimir &amp; Pablo Lilienfeld: Introducing the star - Pedro Arnay\" \/>\n<meta property=\"og:description\" content=\"Galer\u00eda: Federico Vladimir &amp; Pablo Lilienfeld: Introducing the star . Fotograf\u00eda por Pedro Arnay.\" \/>\n<meta property=\"og:url\" content=\"https:\/\/www.pedroarnay.com\/en\/gallery\/dance-2\/federico-vladimir-pablo-lilienfeld-introducing-the-star-2\/\" \/>\n<meta property=\"og:site_name\" content=\"Pedro Arnay\" \/>\n<meta property=\"article:modified_time\" content=\"2024-01-17T16:39:51+00:00\" \/>\n<meta property=\"og:image\" content=\"https:\/\/www.pedroarnay.com\/wp-content\/uploads\/2023\/12\/Pedro-Arnay-logo.png\" \/>\n\t<meta property=\"og:image:width\" content=\"600\" \/>\n\t<meta property=\"og:image:height\" content=\"600\" \/>\n\t<meta property=\"og:image:type\" content=\"image\/png\" \/>\n<meta name=\"twitter:card\" content=\"summary_large_image\" \/>\n<script type=\"application\/ld+json\" class=\"yoast-schema-graph\">{\"@context\":\"https:\\\/\\\/schema.org\",\"@graph\":[{\"@type\":\"WebPage\",\"@id\":\"https:\\\/\\\/www.pedroarnay.com\\\/galeria\\\/danza\\\/federico-vladimir-pablo-lilienfeld-introducing-the-star\\\/\",\"url\":\"https:\\\/\\\/www.pedroarnay.com\\\/galeria\\\/danza\\\/federico-vladimir-pablo-lilienfeld-introducing-the-star\\\/\",\"name\":\"Federico Vladimir & Pablo Lilienfeld: Introducing the star - Pedro Arnay\",\"isPartOf\":{\"@id\":\"https:\\\/\\\/www.pedroarnay.com\\\/#website\"},\"datePublished\":\"2023-12-04T17:46:58+00:00\",\"dateModified\":\"2024-01-17T16:39:51+00:00\",\"description\":\"Galer\u00eda: Federico Vladimir & Pablo Lilienfeld: Introducing the star . Fotograf\u00eda por Pedro Arnay.\",\"breadcrumb\":{\"@id\":\"https:\\\/\\\/www.pedroarnay.com\\\/galeria\\\/danza\\\/federico-vladimir-pablo-lilienfeld-introducing-the-star\\\/#breadcrumb\"},\"inLanguage\":\"en-US\",\"potentialAction\":[{\"@type\":\"ReadAction\",\"target\":[\"https:\\\/\\\/www.pedroarnay.com\\\/galeria\\\/danza\\\/federico-vladimir-pablo-lilienfeld-introducing-the-star\\\/\"]}]},{\"@type\":\"BreadcrumbList\",\"@id\":\"https:\\\/\\\/www.pedroarnay.com\\\/galeria\\\/danza\\\/federico-vladimir-pablo-lilienfeld-introducing-the-star\\\/#breadcrumb\",\"itemListElement\":[{\"@type\":\"ListItem\",\"position\":1,\"name\":\"Inicio\",\"item\":\"https:\\\/\\\/www.pedroarnay.com\\\/\"},{\"@type\":\"ListItem\",\"position\":2,\"name\":\"Danza\",\"item\":\"https:\\\/\\\/www.pedroarnay.com\\\/galeria\\\/danza\\\/\"},{\"@type\":\"ListItem\",\"position\":3,\"name\":\"Federico Vladimir &#038; Pablo Lilienfeld: Introducing the star\"}]},{\"@type\":\"WebSite\",\"@id\":\"https:\\\/\\\/www.pedroarnay.com\\\/#website\",\"url\":\"https:\\\/\\\/www.pedroarnay.com\\\/\",\"name\":\"Pedro Arnay\",\"description\":\"Fot\u00f3grafo freelance especializado en artes esc\u00e9nicas, retrato, fotograf\u00eda editorial y corporativa.\",\"publisher\":{\"@id\":\"https:\\\/\\\/www.pedroarnay.com\\\/#organization\"},\"potentialAction\":[{\"@type\":\"SearchAction\",\"target\":{\"@type\":\"EntryPoint\",\"urlTemplate\":\"https:\\\/\\\/www.pedroarnay.com\\\/?s={search_term_string}\"},\"query-input\":{\"@type\":\"PropertyValueSpecification\",\"valueRequired\":true,\"valueName\":\"search_term_string\"}}],\"inLanguage\":\"en-US\"},{\"@type\":\"Organization\",\"@id\":\"https:\\\/\\\/www.pedroarnay.com\\\/#organization\",\"name\":\"Pedro Arnay\",\"url\":\"https:\\\/\\\/www.pedroarnay.com\\\/\",\"logo\":{\"@type\":\"ImageObject\",\"inLanguage\":\"en-US\",\"@id\":\"https:\\\/\\\/www.pedroarnay.com\\\/#\\\/schema\\\/logo\\\/image\\\/\",\"url\":\"https:\\\/\\\/www.pedroarnay.com\\\/wp-content\\\/uploads\\\/2023\\\/12\\\/Pedro-Arnay-logo.png\",\"contentUrl\":\"https:\\\/\\\/www.pedroarnay.com\\\/wp-content\\\/uploads\\\/2023\\\/12\\\/Pedro-Arnay-logo.png\",\"width\":600,\"height\":600,\"caption\":\"Pedro Arnay\"},\"image\":{\"@id\":\"https:\\\/\\\/www.pedroarnay.com\\\/#\\\/schema\\\/logo\\\/image\\\/\"}}]}<\/script>\n<!-- \/ Yoast SEO plugin. -->","yoast_head_json":{"title":"Federico Vladimir &amp; Pablo Lilienfeld: Introducing the star - Pedro Arnay","description":"Gallery: Federico Vladimir &amp; Pablo Lilienfeld: Introducing the star. Photography by Pedro Arnay.","robots":{"index":"index","follow":"follow","max-snippet":"max-snippet:-1","max-image-preview":"max-image-preview:large","max-video-preview":"max-video-preview:-1"},"canonical":"https:\/\/www.pedroarnay.com\/en\/gallery\/dance-2\/federico-vladimir-pablo-lilienfeld-introducing-the-star-2\/","og_locale":"en_US","og_type":"article","og_title":"Federico Vladimir & Pablo Lilienfeld: Introducing the star - Pedro Arnay","og_description":"Galer\u00eda: Federico Vladimir & Pablo Lilienfeld: Introducing the star . Fotograf\u00eda por Pedro Arnay.","og_url":"https:\/\/www.pedroarnay.com\/en\/gallery\/dance-2\/federico-vladimir-pablo-lilienfeld-introducing-the-star-2\/","og_site_name":"Pedro Arnay","article_modified_time":"2024-01-17T16:39:51+00:00","og_image":[{"width":600,"height":600,"url":"https:\/\/www.pedroarnay.com\/wp-content\/uploads\/2023\/12\/Pedro-Arnay-logo.png","type":"image\/png"}],"twitter_card":"summary_large_image","schema":{"@context":"https:\/\/schema.org","@graph":[{"@type":"WebPage","@id":"https:\/\/www.pedroarnay.com\/galeria\/danza\/federico-vladimir-pablo-lilienfeld-introducing-the-star\/","url":"https:\/\/www.pedroarnay.com\/galeria\/danza\/federico-vladimir-pablo-lilienfeld-introducing-the-star\/","name":"Federico Vladimir &amp; Pablo Lilienfeld: Introducing the star - Pedro Arnay","isPartOf":{"@id":"https:\/\/www.pedroarnay.com\/#website"},"datePublished":"2023-12-04T17:46:58+00:00","dateModified":"2024-01-17T16:39:51+00:00","description":"Gallery: Federico Vladimir &amp; Pablo Lilienfeld: Introducing the star. Photography by Pedro Arnay.","breadcrumb":{"@id":"https:\/\/www.pedroarnay.com\/galeria\/danza\/federico-vladimir-pablo-lilienfeld-introducing-the-star\/#breadcrumb"},"inLanguage":"en-US","potentialAction":[{"@type":"ReadAction","target":["https:\/\/www.pedroarnay.com\/galeria\/danza\/federico-vladimir-pablo-lilienfeld-introducing-the-star\/"]}]},{"@type":"BreadcrumbList","@id":"https:\/\/www.pedroarnay.com\/galeria\/danza\/federico-vladimir-pablo-lilienfeld-introducing-the-star\/#breadcrumb","itemListElement":[{"@type":"ListItem","position":1,"name":"Inicio","item":"https:\/\/www.pedroarnay.com\/"},{"@type":"ListItem","position":2,"name":"Danza","item":"https:\/\/www.pedroarnay.com\/galeria\/danza\/"},{"@type":"ListItem","position":3,"name":"Federico Vladimir &#038; Pablo Lilienfeld: Introducing the star"}]},{"@type":"WebSite","@id":"https:\/\/www.pedroarnay.com\/#website","url":"https:\/\/www.pedroarnay.com\/","name":"Pedro Arnay","description":"Freelance photographer specialized in performing arts, portraiture, editorial and corporate photography.","publisher":{"@id":"https:\/\/www.pedroarnay.com\/#organization"},"potentialAction":[{"@type":"SearchAction","target":{"@type":"EntryPoint","urlTemplate":"https:\/\/www.pedroarnay.com\/?s={search_term_string}"},"query-input":{"@type":"PropertyValueSpecification","valueRequired":true,"valueName":"search_term_string"}}],"inLanguage":"en-US"},{"@type":"Organization","@id":"https:\/\/www.pedroarnay.com\/#organization","name":"Pedro Arnay","url":"https:\/\/www.pedroarnay.com\/","logo":{"@type":"ImageObject","inLanguage":"en-US","@id":"https:\/\/www.pedroarnay.com\/#\/schema\/logo\/image\/","url":"https:\/\/www.pedroarnay.com\/wp-content\/uploads\/2023\/12\/Pedro-Arnay-logo.png","contentUrl":"https:\/\/www.pedroarnay.com\/wp-content\/uploads\/2023\/12\/Pedro-Arnay-logo.png","width":600,"height":600,"caption":"Pedro Arnay"},"image":{"@id":"https:\/\/www.pedroarnay.com\/#\/schema\/logo\/image\/"}}]}},"_links":{"self":[{"href":"https:\/\/www.pedroarnay.com\/en\/wp-json\/wp\/v2\/galeria\/1394","targetHints":{"allow":["GET"]}}],"collection":[{"href":"https:\/\/www.pedroarnay.com\/en\/wp-json\/wp\/v2\/galeria"}],"about":[{"href":"https:\/\/www.pedroarnay.com\/en\/wp-json\/wp\/v2\/types\/galeria"}],"version-history":[{"count":26,"href":"https:\/\/www.pedroarnay.com\/en\/wp-json\/wp\/v2\/galeria\/1394\/revisions"}],"predecessor-version":[{"id":1723,"href":"https:\/\/www.pedroarnay.com\/en\/wp-json\/wp\/v2\/galeria\/1394\/revisions\/1723"}],"up":[{"embeddable":true,"href":"https:\/\/www.pedroarnay.com\/en\/wp-json\/wp\/v2\/galeria\/697"}],"wp:attachment":[{"href":"https:\/\/www.pedroarnay.com\/en\/wp-json\/wp\/v2\/media?parent=1394"}],"curies":[{"name":"wp","href":"https:\/\/api.w.org\/{rel}","templated":true}]}}