{"id":436,"date":"2023-10-19T18:22:07","date_gmt":"2023-10-19T16:22:07","guid":{"rendered":"https:\/\/www.pedroarnay.com\/?page_id=436"},"modified":"2024-02-23T10:12:49","modified_gmt":"2024-02-23T09:12:49","slug":"bio","status":"publish","type":"page","link":"https:\/\/www.pedroarnay.com\/en\/bio\/","title":{"rendered":"Bio"},"content":{"rendered":"<div data-elementor-type=\"wp-page\" data-elementor-id=\"436\" class=\"elementor elementor-436\" data-elementor-post-type=\"page\">\n\t\t\t\t\t\t<section class=\"elementor-section elementor-top-section elementor-element elementor-element-635afbb9 elementor-section-boxed elementor-section-height-default elementor-section-height-default\" data-id=\"635afbb9\" data-element_type=\"section\" data-e-type=\"section\" data-settings=\"{&quot;background_background&quot;:&quot;classic&quot;}\">\n\t\t\t\t\t\t<div class=\"elementor-container elementor-column-gap-default\">\n\t\t\t\t\t<div class=\"elementor-column elementor-col-50 elementor-top-column elementor-element elementor-element-2c494695\" data-id=\"2c494695\" data-element_type=\"column\" data-e-type=\"column\">\n\t\t\t<div class=\"elementor-widget-wrap elementor-element-populated\">\n\t\t\t\t\t\t<div class=\"elementor-element elementor-element-1be59a6b elementor-invisible elementor-widget elementor-widget-image\" data-id=\"1be59a6b\" data-element_type=\"widget\" data-e-type=\"widget\" data-settings=\"{&quot;_animation&quot;:&quot;fadeInUp&quot;}\" data-widget_type=\"image.default\">\n\t\t\t\t<div class=\"elementor-widget-container\">\n\t\t\t\t\t\t\t\t\t\t\t\t\t\t\t<img fetchpriority=\"high\" decoding=\"async\" width=\"750\" height=\"856\" src=\"https:\/\/www.pedroarnay.com\/wp-content\/uploads\/2024\/02\/89.jpg\" class=\"attachment-full size-full wp-image-1925\" alt=\"89\" srcset=\"https:\/\/www.pedroarnay.com\/wp-content\/uploads\/2024\/02\/89.jpg 750w, https:\/\/www.pedroarnay.com\/wp-content\/uploads\/2024\/02\/89-263x300.jpg 263w, https:\/\/www.pedroarnay.com\/wp-content\/uploads\/2024\/02\/89-11x12.jpg 11w\" sizes=\"(max-width: 750px) 100vw, 750px\" \/>\t\t\t\t\t\t\t\t\t\t\t\t\t\t\t<\/div>\n\t\t\t\t<\/div>\n\t\t\t\t\t<\/div>\n\t\t<\/div>\n\t\t\t\t<div class=\"elementor-column elementor-col-50 elementor-top-column elementor-element elementor-element-24c53054\" data-id=\"24c53054\" data-element_type=\"column\" data-e-type=\"column\">\n\t\t\t<div class=\"elementor-widget-wrap elementor-element-populated\">\n\t\t\t\t\t\t<div class=\"elementor-element elementor-element-e3dbad0 elementor-widget elementor-widget-heading\" data-id=\"e3dbad0\" data-element_type=\"widget\" data-e-type=\"widget\" data-widget_type=\"heading.default\">\n\t\t\t\t<div class=\"elementor-widget-container\">\n\t\t\t\t\t<h3 class=\"elementor-heading-title elementor-size-default\">Photographer<\/h3>\t\t\t\t<\/div>\n\t\t\t\t<\/div>\n\t\t\t\t<div class=\"elementor-element elementor-element-6d52b860 elementor-widget elementor-widget-text-editor\" data-id=\"6d52b860\" data-element_type=\"widget\" data-e-type=\"widget\" data-widget_type=\"text-editor.default\">\n\t\t\t\t<div class=\"elementor-widget-container\">\n\t\t\t\t\t\t\t\t\t<p><strong>My professional photography work has been focused in recent years on stage photography, especially dance photography, but also portraiture and editorial and corporate photography.<\/strong><\/p><p><strong>I borrow from analog photography the slow, reflective process, focusing on the details, but without abandoning the advantages and language of digital photography.<\/strong><\/p><p><strong>I approach photography with an open mind, adapting to what I observe to build a coherent discourse.<\/strong><\/p><p><strong>For me photography is research, search and knowledge.\u00a0<\/strong><\/p>\t\t\t\t\t\t\t\t<\/div>\n\t\t\t\t<\/div>\n\t\t\t\t<div class=\"elementor-element elementor-element-2f8441b6 elementor-widget elementor-widget-spacer\" data-id=\"2f8441b6\" data-element_type=\"widget\" data-e-type=\"widget\" data-widget_type=\"spacer.default\">\n\t\t\t\t<div class=\"elementor-widget-container\">\n\t\t\t\t\t\t\t<div class=\"elementor-spacer\">\n\t\t\t<div class=\"elementor-spacer-inner\"><\/div>\n\t\t<\/div>\n\t\t\t\t\t\t<\/div>\n\t\t\t\t<\/div>\n\t\t\t\t\t<\/div>\n\t\t<\/div>\n\t\t\t\t\t<\/div>\n\t\t<\/section>\n\t\t\t\t<section class=\"elementor-section elementor-top-section elementor-element elementor-element-d147920 elementor-section-boxed elementor-section-height-default elementor-section-height-default\" data-id=\"d147920\" data-element_type=\"section\" data-e-type=\"section\" data-settings=\"{&quot;background_background&quot;:&quot;classic&quot;}\">\n\t\t\t\t\t\t<div class=\"elementor-container elementor-column-gap-default\">\n\t\t\t\t\t<div class=\"elementor-column elementor-col-100 elementor-top-column elementor-element elementor-element-356ce57\" data-id=\"356ce57\" data-element_type=\"column\" data-e-type=\"column\">\n\t\t\t<div class=\"elementor-widget-wrap elementor-element-populated\">\n\t\t\t\t\t\t<div class=\"elementor-element elementor-element-b35cae3 elementor-widget elementor-widget-text-editor\" data-id=\"b35cae3\" data-element_type=\"widget\" data-e-type=\"widget\" data-widget_type=\"text-editor.default\">\n\t\t\t\t<div class=\"elementor-widget-container\">\n\t\t\t\t\t\t\t\t\t<p style=\"font-weight: 400;\">I have worked for the specialized dance magazines Por la Danza and Susy Q and I am a regular contributor to the digital media specialized in dance, Unblogdedanza.com by Mercedes L. Caballero.<\/p><p style=\"font-weight: 400;\">Since 2003 he has been carrying out photographic work, both stage and studio photography for the promotion of his productions, for the Larumbe Danza company and since 2013 for the Aracaladanza company.<\/p><p style=\"font-weight: 400;\">I have also worked for companies such as Compa\u00f1\u00eda de Danza Antonio Ruz, Kirilov-Akiyama Dance Project, V\u00edctor Ullate Ballet, Teresa Nieto en company, 10&amp;10 Danza, Provisional Danza, Trasdanza, Dual Dance (Amsterdam), Espacio Alterno (Caracas), among others.<\/p><p style=\"font-weight: 400;\">Between 2015 and 2019 I have been a photographer for the V\u00edctor Ullate Dance School and since 2015 for the Larumbe Danza workshops, organized by the Objective Dance Association in Coslada.<\/p><p style=\"font-weight: 400;\">I have been the official photographer of the Gesto Festival: Street Dance Festival in Torrelodones since 2015 and of the Tetu\u00e1n District Choreographic Contest, in the 2014 and 2015 editions.<\/p><p style=\"font-weight: 400;\">I have photographed personalities from the world of dance such as Nacho Duato, Cesc Gelabert, Ohad Nahar\u00edn, Mats Ek, Ana Laguna, Angel\u00edn Preljocat, Victor Ullate, Blanca Li, Antonio M\u00e1rquez, Carmen Werner, Jos\u00e9 Carlos Mart\u00ednez, Juan Kruz de Garaioesnaola, Itzik Galili, Teresa Nieto and \u00c1ngel Corella, among others.<\/p><p style=\"font-weight: 400;\">My editorial work has been published in magazines such as Quo, Cineman\u00eda, Neo2, El Duende, Elle, Ballet Tanz (Berl\u00edn), El Pa\u00eds newspaper, among others.<\/p><p style=\"font-weight: 400;\">My scenic work has been exhibited at Teatro Lagrada, Casa de cultura de Torrelodones, La Caja del Arte: Center for Performing Arts of Torrej\u00f3n de Ardoz, Teatro Valle Incl\u00e1n of the National Dramatic Center of Madrid, Centro de Arte Contempor\u00e1neo Caja Burgos, Centro Cultural Conde Duque de Madrid, Margarita Nelken Cultural Center in Coslada and the Echegaray and Cervantes Theaters in M\u00e1laga.<\/p><p style=\"font-weight: 400;\"><span style=\"font-style: inherit;\">My personal work has been exhibited in the Casa de Vacas del Parque del Retiro, Madrid, Picassomio\/Diurno Art Space, EFTI International Center for Photography and Video, Roberto Mata Photography Workshop Exhibition Hall in Caracas, Museum of Contemporary Art of Caracas , Neumann Design Institute in Caracas, Venezuela and First Valpara\u00edso Contemporary Photography Biennial in Chile.<\/span><\/p><p style=\"font-weight: 400;\"><span style=\"font-style: inherit;\">I have shared my work as a photographer with teaching photography in various schools in Caracas (Roberto Mata Photography School, CONAC Photography Center). Teaching specialized courses in ancient techniques and history of photography and I have been a photography teacher in the graphic design, industrial design and illustration courses at the Caracas Design Institute between 1994 and 2001.<\/span><\/p>\t\t\t\t\t\t\t\t<\/div>\n\t\t\t\t<\/div>\n\t\t\t\t<div class=\"elementor-element elementor-element-fac048d elementor-widget elementor-widget-spacer\" data-id=\"fac048d\" data-element_type=\"widget\" data-e-type=\"widget\" data-widget_type=\"spacer.default\">\n\t\t\t\t<div class=\"elementor-widget-container\">\n\t\t\t\t\t\t\t<div class=\"elementor-spacer\">\n\t\t\t<div class=\"elementor-spacer-inner\"><\/div>\n\t\t<\/div>\n\t\t\t\t\t\t<\/div>\n\t\t\t\t<\/div>\n\t\t\t\t\t<\/div>\n\t\t<\/div>\n\t\t\t\t\t<\/div>\n\t\t<\/section>\n\t\t\t\t<\/div>","protected":false},"excerpt":{"rendered":"<p>Fot\u00f3grafo Mi trabajo fotografico profesional ha estado enfocado los \u00faltimos a\u00f1os a la fotograf\u00eda esc\u00e9nica, especialmente a la de danza, pero tambi\u00e9n al retrato y a la fotograf\u00eda editorial y corporativa. Tomo prestado de la fotografia anal\u00f3gica el proceso lento, reflexivo, centr\u00e1ndome en los detalles, pero sin abandonar las ventajas y el lenguaje de la [&hellip;]<\/p>\n","protected":false},"author":1,"featured_media":0,"parent":0,"menu_order":2,"comment_status":"closed","ping_status":"closed","template":"","meta":{"_acf_changed":false,"site-sidebar-layout":"default","site-content-layout":"page-builder","ast-site-content-layout":"default","site-content-style":"default","site-sidebar-style":"default","ast-global-header-display":"","ast-banner-title-visibility":"","ast-main-header-display":"","ast-hfb-above-header-display":"","ast-hfb-below-header-display":"","ast-hfb-mobile-header-display":"","site-post-title":"disabled","ast-breadcrumbs-content":"","ast-featured-img":"disabled","footer-sml-layout":"","ast-disable-related-posts":"","theme-transparent-header-meta":"default","adv-header-id-meta":"","stick-header-meta":"default","header-above-stick-meta":"","header-main-stick-meta":"","header-below-stick-meta":"","astra-migrate-meta-layouts":"set","ast-page-background-enabled":"default","ast-page-background-meta":{"desktop":{"background-color":"var(--ast-global-color-4)","background-image":"","background-repeat":"repeat","background-position":"center center","background-size":"auto","background-attachment":"scroll","background-type":"","background-media":"","overlay-type":"","overlay-color":"","overlay-opacity":"","overlay-gradient":""},"tablet":{"background-color":"","background-image":"","background-repeat":"repeat","background-position":"center center","background-size":"auto","background-attachment":"scroll","background-type":"","background-media":"","overlay-type":"","overlay-color":"","overlay-opacity":"","overlay-gradient":""},"mobile":{"background-color":"","background-image":"","background-repeat":"repeat","background-position":"center center","background-size":"auto","background-attachment":"scroll","background-type":"","background-media":"","overlay-type":"","overlay-color":"","overlay-opacity":"","overlay-gradient":""}},"ast-content-background-meta":{"desktop":{"background-color":"var(--ast-global-color-5)","background-image":"","background-repeat":"repeat","background-position":"center center","background-size":"auto","background-attachment":"scroll","background-type":"","background-media":"","overlay-type":"","overlay-color":"","overlay-opacity":"","overlay-gradient":""},"tablet":{"background-color":"var(--ast-global-color-5)","background-image":"","background-repeat":"repeat","background-position":"center center","background-size":"auto","background-attachment":"scroll","background-type":"","background-media":"","overlay-type":"","overlay-color":"","overlay-opacity":"","overlay-gradient":""},"mobile":{"background-color":"var(--ast-global-color-5)","background-image":"","background-repeat":"repeat","background-position":"center center","background-size":"auto","background-attachment":"scroll","background-type":"","background-media":"","overlay-type":"","overlay-color":"","overlay-opacity":"","overlay-gradient":""}},"footnotes":""},"class_list":["post-436","page","type-page","status-publish","hentry"],"acf":[],"yoast_head":"<!-- This site is optimized with the Yoast SEO plugin v27.4 - https:\/\/yoast.com\/product\/yoast-seo-wordpress\/ -->\n<title>Bio - Pedro Arnay<\/title>\n<meta name=\"description\" content=\"Fot\u00f3grafo freelance especializado en danza, retrato y fotograf\u00eda editorial. Explora su enfoque art\u00edstico y sus colaboraciones destacadas en el mundo de la danza y la fotograf\u00eda.\" \/>\n<meta name=\"robots\" content=\"index, follow, max-snippet:-1, max-image-preview:large, max-video-preview:-1\" \/>\n<link rel=\"canonical\" href=\"https:\/\/www.pedroarnay.com\/en\/bio\/\" \/>\n<meta property=\"og:locale\" content=\"en_US\" \/>\n<meta property=\"og:type\" content=\"article\" \/>\n<meta property=\"og:title\" content=\"Bio - Pedro Arnay\" \/>\n<meta property=\"og:description\" content=\"Fot\u00f3grafo freelance especializado en danza, retrato y fotograf\u00eda editorial. Explora su enfoque art\u00edstico y sus colaboraciones destacadas en el mundo de la danza y la fotograf\u00eda.\" \/>\n<meta property=\"og:url\" content=\"https:\/\/www.pedroarnay.com\/en\/bio\/\" \/>\n<meta property=\"og:site_name\" content=\"Pedro Arnay\" \/>\n<meta property=\"article:modified_time\" content=\"2024-02-23T09:12:49+00:00\" \/>\n<meta property=\"og:image\" content=\"https:\/\/www.pedroarnay.com\/wp-content\/uploads\/2024\/02\/89.jpg\" \/>\n<meta name=\"twitter:card\" content=\"summary_large_image\" \/>\n<script type=\"application\/ld+json\" class=\"yoast-schema-graph\">{\"@context\":\"https:\\\/\\\/schema.org\",\"@graph\":[{\"@type\":\"WebPage\",\"@id\":\"https:\\\/\\\/www.pedroarnay.com\\\/bio\\\/\",\"url\":\"https:\\\/\\\/www.pedroarnay.com\\\/bio\\\/\",\"name\":\"Bio - Pedro Arnay\",\"isPartOf\":{\"@id\":\"https:\\\/\\\/www.pedroarnay.com\\\/#website\"},\"primaryImageOfPage\":{\"@id\":\"https:\\\/\\\/www.pedroarnay.com\\\/bio\\\/#primaryimage\"},\"image\":{\"@id\":\"https:\\\/\\\/www.pedroarnay.com\\\/bio\\\/#primaryimage\"},\"thumbnailUrl\":\"https:\\\/\\\/www.pedroarnay.com\\\/wp-content\\\/uploads\\\/2024\\\/02\\\/89.jpg\",\"datePublished\":\"2023-10-19T16:22:07+00:00\",\"dateModified\":\"2024-02-23T09:12:49+00:00\",\"description\":\"Fot\u00f3grafo freelance especializado en danza, retrato y fotograf\u00eda editorial. Explora su enfoque art\u00edstico y sus colaboraciones destacadas en el mundo de la danza y la fotograf\u00eda.\",\"breadcrumb\":{\"@id\":\"https:\\\/\\\/www.pedroarnay.com\\\/bio\\\/#breadcrumb\"},\"inLanguage\":\"en-US\",\"potentialAction\":[{\"@type\":\"ReadAction\",\"target\":[\"https:\\\/\\\/www.pedroarnay.com\\\/bio\\\/\"]}]},{\"@type\":\"ImageObject\",\"inLanguage\":\"en-US\",\"@id\":\"https:\\\/\\\/www.pedroarnay.com\\\/bio\\\/#primaryimage\",\"url\":\"https:\\\/\\\/www.pedroarnay.com\\\/wp-content\\\/uploads\\\/2024\\\/02\\\/89.jpg\",\"contentUrl\":\"https:\\\/\\\/www.pedroarnay.com\\\/wp-content\\\/uploads\\\/2024\\\/02\\\/89.jpg\"},{\"@type\":\"BreadcrumbList\",\"@id\":\"https:\\\/\\\/www.pedroarnay.com\\\/bio\\\/#breadcrumb\",\"itemListElement\":[{\"@type\":\"ListItem\",\"position\":1,\"name\":\"Inicio\",\"item\":\"https:\\\/\\\/www.pedroarnay.com\\\/\"},{\"@type\":\"ListItem\",\"position\":2,\"name\":\"Bio\"}]},{\"@type\":\"WebSite\",\"@id\":\"https:\\\/\\\/www.pedroarnay.com\\\/#website\",\"url\":\"https:\\\/\\\/www.pedroarnay.com\\\/\",\"name\":\"Pedro Arnay\",\"description\":\"Fot\u00f3grafo freelance especializado en artes esc\u00e9nicas, retrato, fotograf\u00eda editorial y corporativa.\",\"publisher\":{\"@id\":\"https:\\\/\\\/www.pedroarnay.com\\\/#organization\"},\"potentialAction\":[{\"@type\":\"SearchAction\",\"target\":{\"@type\":\"EntryPoint\",\"urlTemplate\":\"https:\\\/\\\/www.pedroarnay.com\\\/?s={search_term_string}\"},\"query-input\":{\"@type\":\"PropertyValueSpecification\",\"valueRequired\":true,\"valueName\":\"search_term_string\"}}],\"inLanguage\":\"en-US\"},{\"@type\":\"Organization\",\"@id\":\"https:\\\/\\\/www.pedroarnay.com\\\/#organization\",\"name\":\"Pedro Arnay\",\"url\":\"https:\\\/\\\/www.pedroarnay.com\\\/\",\"logo\":{\"@type\":\"ImageObject\",\"inLanguage\":\"en-US\",\"@id\":\"https:\\\/\\\/www.pedroarnay.com\\\/#\\\/schema\\\/logo\\\/image\\\/\",\"url\":\"https:\\\/\\\/www.pedroarnay.com\\\/wp-content\\\/uploads\\\/2023\\\/12\\\/Pedro-Arnay-logo.png\",\"contentUrl\":\"https:\\\/\\\/www.pedroarnay.com\\\/wp-content\\\/uploads\\\/2023\\\/12\\\/Pedro-Arnay-logo.png\",\"width\":600,\"height\":600,\"caption\":\"Pedro Arnay\"},\"image\":{\"@id\":\"https:\\\/\\\/www.pedroarnay.com\\\/#\\\/schema\\\/logo\\\/image\\\/\"}}]}<\/script>\n<!-- \/ Yoast SEO plugin. -->","yoast_head_json":{"title":"Bio - Pedro Arnay","description":"Freelance photographer specialized in dance, portrait and editorial photography. Explore her artistic approach and notable collaborations in the world of dance and photography.","robots":{"index":"index","follow":"follow","max-snippet":"max-snippet:-1","max-image-preview":"max-image-preview:large","max-video-preview":"max-video-preview:-1"},"canonical":"https:\/\/www.pedroarnay.com\/en\/bio\/","og_locale":"en_US","og_type":"article","og_title":"Bio - Pedro Arnay","og_description":"Fot\u00f3grafo freelance especializado en danza, retrato y fotograf\u00eda editorial. Explora su enfoque art\u00edstico y sus colaboraciones destacadas en el mundo de la danza y la fotograf\u00eda.","og_url":"https:\/\/www.pedroarnay.com\/en\/bio\/","og_site_name":"Pedro Arnay","article_modified_time":"2024-02-23T09:12:49+00:00","og_image":[{"url":"https:\/\/www.pedroarnay.com\/wp-content\/uploads\/2024\/02\/89.jpg","type":"","width":"","height":""}],"twitter_card":"summary_large_image","schema":{"@context":"https:\/\/schema.org","@graph":[{"@type":"WebPage","@id":"https:\/\/www.pedroarnay.com\/bio\/","url":"https:\/\/www.pedroarnay.com\/bio\/","name":"Bio - Pedro Arnay","isPartOf":{"@id":"https:\/\/www.pedroarnay.com\/#website"},"primaryImageOfPage":{"@id":"https:\/\/www.pedroarnay.com\/bio\/#primaryimage"},"image":{"@id":"https:\/\/www.pedroarnay.com\/bio\/#primaryimage"},"thumbnailUrl":"https:\/\/www.pedroarnay.com\/wp-content\/uploads\/2024\/02\/89.jpg","datePublished":"2023-10-19T16:22:07+00:00","dateModified":"2024-02-23T09:12:49+00:00","description":"Freelance photographer specialized in dance, portrait and editorial photography. Explore her artistic approach and notable collaborations in the world of dance and photography.","breadcrumb":{"@id":"https:\/\/www.pedroarnay.com\/bio\/#breadcrumb"},"inLanguage":"en-US","potentialAction":[{"@type":"ReadAction","target":["https:\/\/www.pedroarnay.com\/bio\/"]}]},{"@type":"ImageObject","inLanguage":"en-US","@id":"https:\/\/www.pedroarnay.com\/bio\/#primaryimage","url":"https:\/\/www.pedroarnay.com\/wp-content\/uploads\/2024\/02\/89.jpg","contentUrl":"https:\/\/www.pedroarnay.com\/wp-content\/uploads\/2024\/02\/89.jpg"},{"@type":"BreadcrumbList","@id":"https:\/\/www.pedroarnay.com\/bio\/#breadcrumb","itemListElement":[{"@type":"ListItem","position":1,"name":"Inicio","item":"https:\/\/www.pedroarnay.com\/"},{"@type":"ListItem","position":2,"name":"Bio"}]},{"@type":"WebSite","@id":"https:\/\/www.pedroarnay.com\/#website","url":"https:\/\/www.pedroarnay.com\/","name":"Pedro Arnay","description":"Freelance photographer specialized in performing arts, portraiture, editorial and corporate photography.","publisher":{"@id":"https:\/\/www.pedroarnay.com\/#organization"},"potentialAction":[{"@type":"SearchAction","target":{"@type":"EntryPoint","urlTemplate":"https:\/\/www.pedroarnay.com\/?s={search_term_string}"},"query-input":{"@type":"PropertyValueSpecification","valueRequired":true,"valueName":"search_term_string"}}],"inLanguage":"en-US"},{"@type":"Organization","@id":"https:\/\/www.pedroarnay.com\/#organization","name":"Pedro Arnay","url":"https:\/\/www.pedroarnay.com\/","logo":{"@type":"ImageObject","inLanguage":"en-US","@id":"https:\/\/www.pedroarnay.com\/#\/schema\/logo\/image\/","url":"https:\/\/www.pedroarnay.com\/wp-content\/uploads\/2023\/12\/Pedro-Arnay-logo.png","contentUrl":"https:\/\/www.pedroarnay.com\/wp-content\/uploads\/2023\/12\/Pedro-Arnay-logo.png","width":600,"height":600,"caption":"Pedro Arnay"},"image":{"@id":"https:\/\/www.pedroarnay.com\/#\/schema\/logo\/image\/"}}]}},"_links":{"self":[{"href":"https:\/\/www.pedroarnay.com\/en\/wp-json\/wp\/v2\/pages\/436","targetHints":{"allow":["GET"]}}],"collection":[{"href":"https:\/\/www.pedroarnay.com\/en\/wp-json\/wp\/v2\/pages"}],"about":[{"href":"https:\/\/www.pedroarnay.com\/en\/wp-json\/wp\/v2\/types\/page"}],"author":[{"embeddable":true,"href":"https:\/\/www.pedroarnay.com\/en\/wp-json\/wp\/v2\/users\/1"}],"replies":[{"embeddable":true,"href":"https:\/\/www.pedroarnay.com\/en\/wp-json\/wp\/v2\/comments?post=436"}],"version-history":[{"count":66,"href":"https:\/\/www.pedroarnay.com\/en\/wp-json\/wp\/v2\/pages\/436\/revisions"}],"predecessor-version":[{"id":1928,"href":"https:\/\/www.pedroarnay.com\/en\/wp-json\/wp\/v2\/pages\/436\/revisions\/1928"}],"wp:attachment":[{"href":"https:\/\/www.pedroarnay.com\/en\/wp-json\/wp\/v2\/media?parent=436"}],"curies":[{"name":"wp","href":"https:\/\/api.w.org\/{rel}","templated":true}]}}